{"id":13691,"date":"2020-01-07T14:41:46","date_gmt":"2020-01-07T13:41:46","guid":{"rendered":"http:\/\/www.crfj.org\/?page_id=13691"},"modified":"2020-01-09T09:34:28","modified_gmt":"2020-01-09T08:34:28","slug":"estelle-ingrand-varenne","status":"publish","type":"page","link":"http:\/\/www.crfj.org\/en\/estelle-ingrand-varenne\/","title":{"rendered":"Estelle Ingrand Varenne"},"content":{"rendered":"<p><img loading=\"lazy\" class=\"alignnone size-full wp-image-13692\" src=\"http:\/\/www.crfj.org\/wp-content\/uploads\/2020\/01\/Photo.jpeg\" alt=\"\" width=\"400\" height=\"400\" srcset=\"http:\/\/www.crfj.org\/wp-content\/uploads\/2020\/01\/Photo-66x66.jpeg 66w, http:\/\/www.crfj.org\/wp-content\/uploads\/2020\/01\/Photo-150x150.jpeg 150w, http:\/\/www.crfj.org\/wp-content\/uploads\/2020\/01\/Photo-200x200.jpeg 200w, http:\/\/www.crfj.org\/wp-content\/uploads\/2020\/01\/Photo-300x300.jpeg 300w, http:\/\/www.crfj.org\/wp-content\/uploads\/2020\/01\/Photo.jpeg 400w\" sizes=\"(max-width: 400px) 100vw, 400px\" \/><\/p>\n<p style=\"text-align: justify;\">Estelle Ingrand-Varenne<\/p>\n<p style=\"text-align: justify;\">Estelle Ingrand-Varenne est ing\u00e9nieure de recherche CNRS au Centre d\u2019\u00e9tudes sup\u00e9rieures de civilisation m\u00e9di\u00e9vale (CESCM UMR 7302, Poitiers), d\u00e9tach\u00e9e dans le corps des charg\u00e9s de recherche au CRFJ depuis le 1er janvier 2020. Elle est sp\u00e9cialiste d\u2019\u00e9pigraphie m\u00e9di\u00e9vale, responsable du <em>Corpus des inscriptions de la France m\u00e9di\u00e9vale<\/em> et de son volet num\u00e9rique\u00a0: <a href=\"http:\/\/titulus.huma-num.fr\/exist\/apps\/titulus\/index.html\">TITULUS<\/a>. Elle a d\u00e9j\u00e0 publi\u00e9 les volumes 25 et 26 du <em>CIFM<\/em> sur les inscriptions de la R\u00e9gion Centre et pr\u00e9pare le volume 27 sur le Loiret et de l\u2019Eure-et-Loir.<\/p>\n<p style=\"text-align: justify;\">Apr\u00e8s avoir \u00e9tudi\u00e9 pour sa th\u00e8se de doctorat le passage du latin au fran\u00e7ais dans les inscriptions (<em>Langues de bois, de pierre et de verre. Latin et fran\u00e7ais dans les inscriptions m\u00e9di\u00e9vales<\/em>, Classiques Garnier, 2018), ses recherches se tournent d\u00e9sormais vers l\u2019Outremer, \u00e0 travers un double projet. Le premier volet est une recherche personnelle qui constituera le m\u00e9moire d\u2019HDR sur l\u2019\u00e9pigraphie du Royaume latin de J\u00e9rusalem (1099-1291). Cet espace et cette chronologie r\u00e9duits fournissent un laboratoire d\u2019essai pour un projet collectif europ\u00e9en de plus grande ampleur d\u2019 \u00ab\u00a0\u00e9pigraphie connect\u00e9e\u00a0\u00bb, sur les inscriptions en caract\u00e8re latin de la M\u00e9diterran\u00e9e orientale du VIIe au XVIe si\u00e8cle, en articulation et en interaction avec les autres \u00e9critures environnantes\u00a0: ERC Starting grant GRAPH-EAST : Latin as an Alien Script in the Medieval \u00ab\u00a0Latin East\u00a0\u00bb (d\u00e9p\u00f4t octobre 2019).<\/p>\n<p style=\"text-align: justify;\"><a href=\"http:\/\/www.crfj.org\/en\/publi_crfj\/\">Liste des publications<\/a><\/p>\n<p>Coordonn\u00e9es professionnelles\u00a0:<\/p>\n<p>Centre d\u2019\u00e9tudes sup\u00e9rieures de civilisation m\u00e9di\u00e9vale<\/p>\n<p>H\u00f4tel Berthelot (E13)<br \/>\n24 rue de la Chaine- TSA 81118<br \/>\n86073 POITIERS CEDEX 9<\/p>\n<p>Contact\u00a0: <a href=\"mailto:estelle.ingrand.varenne@univ-poitiers.fr\">estelle.ingrand.varenne@univ-poitiers.fr<\/a><\/p>\n<p>Carnet de recherche en \u00e9pigraphie m\u00e9di\u00e9vale EPIMED\u00a0: <a href=\"https:\/\/epimed.hypotheses.org\/\">https:\/\/epimed.hypotheses.org\/<\/a><\/p>\n<p>Compte twitter\u00a0: @EstelleIngrandV<\/p>\n<p>Pr\u00e9sentation sur la cha\u00eene YouTube du CRFJ\u00a0: <a href=\"https:\/\/www.youtube.com\/watch?v=J7h-3dkKhvU\">https:\/\/www.youtube.com\/watch?v=J7h-3dkKhvU<\/a><\/p>\n<p>&nbsp;<\/p>","protected":false},"excerpt":{"rendered":"<p>Estelle Ingrand-Varenne Estelle Ingrand-Varenne est ing\u00e9nieure de recherche CNRS au Centre d\u2019\u00e9tudes sup\u00e9rieures de civilisation m\u00e9di\u00e9vale (CESCM UMR 7302, Poitiers), d\u00e9tach\u00e9e dans le corps des charg\u00e9s de recherche au CRFJ depuis le 1er janvier 2020. Elle est sp\u00e9cialiste d\u2019\u00e9pigraphie m\u00e9di\u00e9vale, responsable du Corpus des inscriptions de la France m\u00e9di\u00e9vale et de son volet num\u00e9rique\u00a0: TITULUS. Elle [&hellip;]<\/p>","protected":false},"author":2,"featured_media":0,"parent":0,"menu_order":0,"comment_status":"closed","ping_status":"closed","template":"","meta":[],"_links":{"self":[{"href":"http:\/\/www.crfj.org\/en\/wp-json\/wp\/v2\/pages\/13691"}],"collection":[{"href":"http:\/\/www.crfj.org\/en\/wp-json\/wp\/v2\/pages"}],"about":[{"href":"http:\/\/www.crfj.org\/en\/wp-json\/wp\/v2\/types\/page"}],"author":[{"embeddable":true,"href":"http:\/\/www.crfj.org\/en\/wp-json\/wp\/v2\/users\/2"}],"replies":[{"embeddable":true,"href":"http:\/\/www.crfj.org\/en\/wp-json\/wp\/v2\/comments?post=13691"}],"version-history":[{"count":5,"href":"http:\/\/www.crfj.org\/en\/wp-json\/wp\/v2\/pages\/13691\/revisions"}],"predecessor-version":[{"id":13713,"href":"http:\/\/www.crfj.org\/en\/wp-json\/wp\/v2\/pages\/13691\/revisions\/13713"}],"wp:attachment":[{"href":"http:\/\/www.crfj.org\/en\/wp-json\/wp\/v2\/media?parent=13691"}],"curies":[{"name":"wp","href":"https:\/\/api.w.org\/{rel}","templated":true}]}}